{"id":1763,"date":"2021-09-02T14:00:35","date_gmt":"2021-09-02T12:00:35","guid":{"rendered":"http:\/\/regions.chantierecole.org\/bfc\/?page_id=1763"},"modified":"2022-01-24T11:22:58","modified_gmt":"2022-01-24T10:22:58","slug":"decrets-et-arretes","status":"publish","type":"page","link":"https:\/\/regions.chantierecole.org\/bfc\/decrets-et-arretes\/","title":{"rendered":"D\u00e9crets, arr\u00eat\u00e9s et instructions"},"content":{"rendered":"<h1><\/h1>\n<h1 style=\"text-align: center\">2021-2022 : D\u00e9crets, arr\u00eat\u00e9s et instructions<\/h1>\n<p>&nbsp;<\/p>\n<p>&nbsp;<\/p>\n<p>Les premiers d\u00e9crets sont parus le 30.08 :<\/p>\n<ul>\n<li><strong>D\u00e9cret n\u00b0 2021-1128 du 30 ao\u00fbt 2021 relatif \u00e0 l&rsquo;insertion par l&rsquo;activit\u00e9 \u00e9conomique<\/strong> met fin \u00e0 une p\u00e9riode de vide juridique cr\u00e9\u00e9 par le retard du gouvernement \u00e0 publier le texte r\u00e9sultant du vote de la <a href=\"https:\/\/www.legifrance.gouv.fr\/dossierlegislatif\/JORFDOLE000042339090\/\">LOI n\u00b0 2020-1577 du 14 d\u00e9cembre 2020 relative au renforcement de l&rsquo;inclusion dans l&#8217;emploi par l&rsquo;activit\u00e9 \u00e9conomique et \u00e0 l&rsquo;exp\u00e9rimentation \u00ab territoire z\u00e9ro ch\u00f4meur de longue dur\u00e9e \u00bb. <\/a><\/li>\n<\/ul>\n<ul>\n<li><strong>D\u00e9cret n\u00b02021-1129 du 30 ao\u00fbt 2021<\/strong> relatif \u00e0 l\u2019insertion par l\u2019activit\u00e9 \u00e9conomique et \u00e0 l\u2019exp\u00e9rimentation visant \u00e0 faciliter le recrutement par les entreprises de droit commun de personnes en fin de parcours d\u2019insertion et portant \u00e0 la mise en place du <strong>Contrat \u00e0 Dur\u00e9e Ind\u00e9termin\u00e9e d\u2019Inclusion<\/strong><\/li>\n<\/ul>\n<p><strong>L\u2019arr\u00eat\u00e9 fixant la liste des crit\u00e8res d&rsquo;\u00e9ligibilit\u00e9 des personnes \u00e0 un parcours d&rsquo;insertion par l&rsquo;activit\u00e9 \u00e9conomique et des prescripteurs <\/strong>mentionn\u00e9s \u00e0 l&rsquo;article L. 5132-3 du Code du travail est paru le 1er septembre 2021.<\/p>\n<p>&nbsp;<\/p>\n<p>Pour faire suite aux webinaires de pr\u00e9sentation des D\u00e9crets organis\u00e9s les 13 et 21 octobre par CHANTIER \u00e9cole BFC, vous trouverez ci-dessous plusieurs \u00e9l\u00e9ments compl\u00e9mentaires :<\/p>\n<ul>\n<li>le questions\/r\u00e9ponses sur l\u2019entr\u00e9e en parcours d\u2019insertion : pour t\u00e9l\u00e9charger le document, cliquez <a href=\"https:\/\/www.calameo.com\/read\/006753852d4c984f4fbbb\">ICI<\/a>.<\/li>\n<\/ul>\n<p>&nbsp;<\/p>\n<ul>\n<li>les liens vers les formulaires de la plateforme \u00ab\u00a0d\u00e9marches-simplifi\u00e9es\u00a0\u00bb pour les mesures concern\u00e9es.\n<ul>\n<li>Minist\u00e8re du Travail de l&rsquo;Emploi et de l&rsquo;Insertion &#8211; Aide financi\u00e8re relative au contrat passerelle\u00a0: <a href=\"https:\/\/urldefense.com\/v3\/__https:\/www.demarches-simplifiees.fr\/commencer\/contrat-passerelle__;!!FiWPmuqhD5aF3oDTQnc!2SCHbWbmn0wYmfCcyoF_-61W50QVSwZxcImc-_WxXBpK2iC4Juy2SYLZXCsN7r5Fzir5sxk8$\">https:\/\/www.demarches-simplifiees.fr\/commencer\/contrat-passerelle<\/a> ;<\/li>\n<li>Minist\u00e8re du Travail de l&rsquo;Emploi et de l&rsquo;Insertion &#8211; Aide financi\u00e8re relative au CDI Inclusion\u00a0: <a href=\"https:\/\/urldefense.com\/v3\/__https:\/www.demarches-simplifiees.fr\/commencer\/cdi-inclusion__;!!FiWPmuqhD5aF3oDTQnc!2SCHbWbmn0wYmfCcyoF_-61W50QVSwZxcImc-_WxXBpK2iC4Juy2SYLZXCsN7r5Fzi1Tg_gg$\">https:\/\/www.demarches-simplifiees.fr\/commencer\/cdi-inclusion<\/a> ;<\/li>\n<li>Minist\u00e8re du Travail de l&rsquo;Emploi et de l&rsquo;Insertion &#8211; D\u00e9rogation \u00e0 la dur\u00e9e hebdomadaire minimale de travail en cas de cumul de contrats\u00a0: <a href=\"https:\/\/urldefense.com\/v3\/__https:\/www.demarches-simplifiees.fr\/commencer\/cumul-contrats__;!!FiWPmuqhD5aF3oDTQnc!2SCHbWbmn0wYmfCcyoF_-61W50QVSwZxcImc-_WxXBpK2iC4Juy2SYLZXCsN7r5FzuDby1hc$\">https:\/\/www.demarches-simplifiees.fr\/commencer\/cumul-contrats<\/a> ;<\/li>\n<li>Minist\u00e8re du Travail de l&rsquo;Emploi et de l&rsquo;Insertion &#8211; D\u00e9rogation individuelle \u00e0 la dur\u00e9e hebdomadaire minimale de travail\u00a0: <a href=\"https:\/\/urldefense.com\/v3\/__https:\/www.demarches-simplifiees.fr\/commencer\/derogation-individuelle__;!!FiWPmuqhD5aF3oDTQnc!2SCHbWbmn0wYmfCcyoF_-61W50QVSwZxcImc-_WxXBpK2iC4Juy2SYLZXCsN7r5Fzvu-BwZi$\">https:\/\/www.demarches-simplifiees.fr\/commencer\/derogation-individuelle<\/a> ;<\/li>\n<li>Minist\u00e8re du Travail de l&rsquo;Emploi et de l&rsquo;Insertion &#8211; D\u00e9rogation collective \u00e0 la dur\u00e9e hebdomadaire minimale de travail\u00a0: <a href=\"https:\/\/urldefense.com\/v3\/__https:\/www.demarches-simplifiees.fr\/commencer\/derogation-collective__;!!FiWPmuqhD5aF3oDTQnc!2SCHbWbmn0wYmfCcyoF_-61W50QVSwZxcImc-_WxXBpK2iC4Juy2SYLZXCsN7r5FztoMs6GY$\">https:\/\/www.demarches-simplifiees.fr\/commencer\/derogation-collective<\/a> ;<\/li>\n<li>Minist\u00e8re du Travail de l&rsquo;Emploi et de l&rsquo;Insertion &#8211; D\u00e9rogation aux 480 heures en association interm\u00e9diaire\u00a0: <a href=\"https:\/\/urldefense.com\/v3\/__https:\/www.demarches-simplifiees.fr\/commencer\/480h__;!!FiWPmuqhD5aF3oDTQnc!2SCHbWbmn0wYmfCcyoF_-61W50QVSwZxcImc-_WxXBpK2iC4Juy2SYLZXCsN7r5FzqoR166I$\">https:\/\/www.demarches-simplifiees.fr\/commencer\/480h<\/a><\/li>\n<\/ul>\n<\/li>\n<\/ul>\n<p>&nbsp;<\/p>\n<p>Vous pouvez retrouver ces documents r\u00e9pertori\u00e9s sur le site internet du minist\u00e8re\u00a0: <a href=\"https:\/\/travail-emploi.gouv.fr\/actualites\/l-actualite-du-ministere\/article\/mise-en-oeuvre-des-mesures-liees-a-l-insertion-par-l-activite-economique-iae-de\">https:\/\/travail-emploi.gouv.fr\/actualites\/l-actualite-du-ministere\/article\/mise-en-oeuvre-des-mesures-liees-a-l-insertion-par-l-activite-economique-iae-de<\/a><\/p>\n<p>&nbsp;<\/p>\n<ul>\n<li><strong>l\u2019instruction N\u00b0 DGEFP\/SDPAE\/MIP\/2022\/16 du 18 janvier 2022 relative \u00e0 la mise en \u0153uvre op\u00e9rationnelle des CDI Inclusion et contrats passerelles : t\u00e9l\u00e9chargez le document en cliquant <a href=\"https:\/\/www.calameo.com\/read\/006753852ccf7d1b21824\">ICI<\/a>.<\/strong><\/li>\n<\/ul>\n<p><em>T\u00e9l\u00e9chargez les fiches techniques, r\u00e9alis\u00e9es par CHANTIER \u00e9cole National et le R\u00e9seau Cocagne, sur les d\u00e9crets relatifs \u00e0 l&rsquo;insertion par l&rsquo;activit\u00e9 \u00e9conomique :<br \/>\n<\/em><\/p>\n<p><a href=\"http:\/\/regions.chantierecole.org\/bfc\/pdf\/\"><img loading=\"lazy\" decoding=\"async\" class=\"wp-image-1778 aligncenter\" src=\"http:\/\/regions.chantierecole.org\/bfc\/wp-content\/uploads\/sites\/11\/2021\/09\/PDF.png\" alt=\"\" width=\"92\" height=\"113\" srcset=\"https:\/\/regions.chantierecole.org\/bfc\/wp-content\/uploads\/sites\/11\/2021\/09\/PDF.png 1200w, https:\/\/regions.chantierecole.org\/bfc\/wp-content\/uploads\/sites\/11\/2021\/09\/PDF-244x300.png 244w, https:\/\/regions.chantierecole.org\/bfc\/wp-content\/uploads\/sites\/11\/2021\/09\/PDF-768x943.png 768w, https:\/\/regions.chantierecole.org\/bfc\/wp-content\/uploads\/sites\/11\/2021\/09\/PDF-834x1024.png 834w, https:\/\/regions.chantierecole.org\/bfc\/wp-content\/uploads\/sites\/11\/2021\/09\/PDF-122x150.png 122w\" sizes=\"auto, (max-width: 92px) 100vw, 92px\" \/><\/a><\/p>\n<p style=\"text-align: center\"><a href=\"https:\/\/www.calameo.com\/read\/00675385250d500a8a339\">Fiche ressources n\u00b01 : le parcours d&rsquo;insertion par l&rsquo;activit\u00e9 \u00e9conomique<\/a><\/p>\n<p style=\"text-align: center\"><a href=\"https:\/\/www.calameo.com\/read\/006753852788344780226\">Fiche ressources n\u00b02 : le contrat \u00e0 dur\u00e9e ind\u00e9termin\u00e9e d&rsquo;insertion\u00a0<\/a><\/p>\n<p style=\"text-align: center\"><a href=\"https:\/\/www.calameo.com\/read\/006753852af748a3d6e8e\">Fiche ressources n\u00b03 : le contrat passerelle<\/a><\/p>\n<p>&nbsp;<\/p>\n<p>&nbsp;<\/p>\n","protected":false},"excerpt":{"rendered":"<p>2021-2022 : D\u00e9crets, arr\u00eat\u00e9s et instructions &nbsp; &nbsp; Les premiers d\u00e9crets sont parus le 30.08 : D\u00e9cret n\u00b0 2021-1128 du 30 ao\u00fbt 2021 relatif \u00e0 l&rsquo;insertion par l&rsquo;activit\u00e9 \u00e9conomique met fin \u00e0 une p\u00e9riode de vide juridique cr\u00e9\u00e9 par le retard du gouvernement \u00e0 publier le texte r\u00e9sultant du vote \u2026 <a class=\"continue-reading-link\" href=\"https:\/\/regions.chantierecole.org\/bfc\/decrets-et-arretes\/\">Lire la suite&#8230; <span class=\"meta-nav\">&rarr; <\/span><\/a><\/p>\n","protected":false},"author":14,"featured_media":0,"parent":0,"menu_order":0,"comment_status":"closed","ping_status":"closed","template":"","meta":{"footnotes":""},"class_list":["post-1763","page","type-page","status-publish","hentry"],"_links":{"self":[{"href":"https:\/\/regions.chantierecole.org\/bfc\/wp-json\/wp\/v2\/pages\/1763","targetHints":{"allow":["GET"]}}],"collection":[{"href":"https:\/\/regions.chantierecole.org\/bfc\/wp-json\/wp\/v2\/pages"}],"about":[{"href":"https:\/\/regions.chantierecole.org\/bfc\/wp-json\/wp\/v2\/types\/page"}],"author":[{"embeddable":true,"href":"https:\/\/regions.chantierecole.org\/bfc\/wp-json\/wp\/v2\/users\/14"}],"replies":[{"embeddable":true,"href":"https:\/\/regions.chantierecole.org\/bfc\/wp-json\/wp\/v2\/comments?post=1763"}],"version-history":[{"count":17,"href":"https:\/\/regions.chantierecole.org\/bfc\/wp-json\/wp\/v2\/pages\/1763\/revisions"}],"predecessor-version":[{"id":1979,"href":"https:\/\/regions.chantierecole.org\/bfc\/wp-json\/wp\/v2\/pages\/1763\/revisions\/1979"}],"wp:attachment":[{"href":"https:\/\/regions.chantierecole.org\/bfc\/wp-json\/wp\/v2\/media?parent=1763"}],"curies":[{"name":"wp","href":"https:\/\/api.w.org\/{rel}","templated":true}]}}